{"id":6247,"date":"2025-01-23T14:50:37","date_gmt":"2025-01-23T13:50:37","guid":{"rendered":"https:\/\/blockhaus-ahlhorn.de\/berichte\/rencontre-internationale-au-blockhaus-ahlhorn-de-lesquisse-dun-projet-a-la-realisation-concrete-dun-projet-europeen-au-blockhaus-ahlhorn\/"},"modified":"2025-04-24T10:22:45","modified_gmt":"2025-04-24T08:22:45","slug":"rencontre-internationale-au-blockhaus-ahlhorn-de-lesquisse-dun-projet-a-la-realisation-concrete-dun-projet-europeen-au-blockhaus-ahlhorn","status":"publish","type":"berichte","link":"https:\/\/blockhaus-ahlhorn.de\/fr\/berichte\/rencontre-internationale-au-blockhaus-ahlhorn-de-lesquisse-dun-projet-a-la-realisation-concrete-dun-projet-europeen-au-blockhaus-ahlhorn\/","title":{"rendered":"Rencontre internationale au Blockhaus Ahlhorn : de l&rsquo;esquisse d&rsquo;un projet \u00e0 la r\u00e9alisation concr\u00e8te d&rsquo;un projet europ\u00e9en au Blockhaus Ahlhorn."},"content":{"rendered":"\n<h2 class=\"wp-block-heading\">P\u00e9riode<\/h2>\n\n<p>Mercredi, 29.01.2025 &#8211; Mercredi, 05.02.2025<\/p>\n\n<h2 class=\"wp-block-heading\">Description<\/h2>\n\n<p>Des collaborateurs ind\u00e9pendants et des jeunes d\u00e9veloppent en \u00e9quipes de diff\u00e9rents pays europ\u00e9ens des projets qui seront r\u00e9alis\u00e9s au Blockhaus Ahlhorn en 2025 et 2026.  <\/p>\n\n<p>De l&rsquo;esquisse d&rsquo;un projet \u00e0 sa mise en \u0153uvre concr\u00e8te, les diff\u00e9rentes \u00e9tapes sont abord\u00e9es dans ce s\u00e9minaire.  <\/p>\n\n<p>Des participants d&rsquo;Allemagne, d&rsquo;Ukraine et de Pologne ayant d\u00e9j\u00e0 pris part \u00e0 des projets au Blockhaus Ahlhorn sont invit\u00e9s \u00e0 participer au s\u00e9minaire.<\/p>\n\n<p>L&rsquo;intention est de concevoir ces projets comme des \u00e9changes.<\/p>\n\n<h2 class=\"wp-block-heading\">Inscription<\/h2>\n\n<p><a href=\"mailto:info@blockhaus-ahlhorn.de\">info@blockhaus-ahlhorn.de<\/a><\/p>\n\n<p><a href=\"https:\/\/blockhaus-ahlhorn.de\/wp-content\/uploads\/2025\/01\/2025-01-24-Anmeldung-klassisch-EP_04_25.pdf\">T\u00e9l\u00e9charger l&rsquo;autorisation parentale<\/a><\/p>\n\n<p><\/p>\n","protected":false},"excerpt":{"rendered":"<p>P\u00e9riode Mercredi, 29.01.2025 &#8211; Mercredi, 05.02.2025 Description Des collaborateurs ind\u00e9pendants et des jeunes d\u00e9veloppent en \u00e9quipes de diff\u00e9rents pays europ\u00e9ens des projets qui seront r\u00e9alis\u00e9s au Blockhaus Ahlhorn en 2025 et 2026. De l&rsquo;esquisse d&rsquo;un projet \u00e0 sa mise en \u0153uvre concr\u00e8te, les diff\u00e9rentes \u00e9tapes sont abord\u00e9es dans ce s\u00e9minaire. Des participants d&rsquo;Allemagne, d&rsquo;Ukraine et [&hellip;]<\/p>\n","protected":false},"featured_media":0,"template":"","meta":{"ngg_post_thumbnail":0},"categories":[],"class_list":["post-6247","berichte","type-berichte","status-publish","hentry"],"blocksy_meta":[],"yoast_head":"<!-- This site is optimized with the Yoast SEO plugin v27.4 - https:\/\/yoast.com\/product\/yoast-seo-wordpress\/ -->\n<title>Rencontre internationale au Blockhaus Ahlhorn : de l&#039;esquisse d&#039;un projet \u00e0 la r\u00e9alisation concr\u00e8te d&#039;un projet europ\u00e9en au Blockhaus Ahlhorn. - Blockhaus Ahlhorn<\/title>\n<meta name=\"robots\" content=\"index, follow, max-snippet:-1, max-image-preview:large, max-video-preview:-1\" \/>\n<link rel=\"canonical\" href=\"https:\/\/blockhaus-ahlhorn.de\/fr\/berichte\/rencontre-internationale-au-blockhaus-ahlhorn-de-lesquisse-dun-projet-a-la-realisation-concrete-dun-projet-europeen-au-blockhaus-ahlhorn\/\" \/>\n<meta property=\"og:locale\" content=\"fr_FR\" \/>\n<meta property=\"og:type\" content=\"article\" \/>\n<meta property=\"og:title\" content=\"Rencontre internationale au Blockhaus Ahlhorn : de l&#039;esquisse d&#039;un projet \u00e0 la r\u00e9alisation concr\u00e8te d&#039;un projet europ\u00e9en au Blockhaus Ahlhorn. - Blockhaus Ahlhorn\" \/>\n<meta property=\"og:description\" content=\"P\u00e9riode Mercredi, 29.01.2025 &#8211; Mercredi, 05.02.2025 Description Des collaborateurs ind\u00e9pendants et des jeunes d\u00e9veloppent en \u00e9quipes de diff\u00e9rents pays europ\u00e9ens des projets qui seront r\u00e9alis\u00e9s au Blockhaus Ahlhorn en 2025 et 2026. De l&rsquo;esquisse d&rsquo;un projet \u00e0 sa mise en \u0153uvre concr\u00e8te, les diff\u00e9rentes \u00e9tapes sont abord\u00e9es dans ce s\u00e9minaire. Des participants d&rsquo;Allemagne, d&rsquo;Ukraine et [&hellip;]\" \/>\n<meta property=\"og:url\" content=\"https:\/\/blockhaus-ahlhorn.de\/fr\/berichte\/rencontre-internationale-au-blockhaus-ahlhorn-de-lesquisse-dun-projet-a-la-realisation-concrete-dun-projet-europeen-au-blockhaus-ahlhorn\/\" \/>\n<meta property=\"og:site_name\" content=\"Blockhaus Ahlhorn\" \/>\n<meta property=\"article:modified_time\" content=\"2025-04-24T08:22:45+00:00\" \/>\n<meta name=\"twitter:card\" content=\"summary_large_image\" \/>\n<script type=\"application\/ld+json\" class=\"yoast-schema-graph\">{\"@context\":\"https:\\\/\\\/schema.org\",\"@graph\":[{\"@type\":\"WebPage\",\"@id\":\"https:\\\/\\\/blockhaus-ahlhorn.de\\\/fr\\\/berichte\\\/rencontre-internationale-au-blockhaus-ahlhorn-de-lesquisse-dun-projet-a-la-realisation-concrete-dun-projet-europeen-au-blockhaus-ahlhorn\\\/\",\"url\":\"https:\\\/\\\/blockhaus-ahlhorn.de\\\/fr\\\/berichte\\\/rencontre-internationale-au-blockhaus-ahlhorn-de-lesquisse-dun-projet-a-la-realisation-concrete-dun-projet-europeen-au-blockhaus-ahlhorn\\\/\",\"name\":\"Rencontre internationale au Blockhaus Ahlhorn : de l'esquisse d'un projet \u00e0 la r\u00e9alisation concr\u00e8te d'un projet europ\u00e9en au Blockhaus Ahlhorn. - Blockhaus Ahlhorn\",\"isPartOf\":{\"@id\":\"https:\\\/\\\/blockhaus-ahlhorn.de\\\/fr\\\/#website\"},\"datePublished\":\"2025-01-23T13:50:37+00:00\",\"dateModified\":\"2025-04-24T08:22:45+00:00\",\"breadcrumb\":{\"@id\":\"https:\\\/\\\/blockhaus-ahlhorn.de\\\/fr\\\/berichte\\\/rencontre-internationale-au-blockhaus-ahlhorn-de-lesquisse-dun-projet-a-la-realisation-concrete-dun-projet-europeen-au-blockhaus-ahlhorn\\\/#breadcrumb\"},\"inLanguage\":\"fr-FR\",\"potentialAction\":[{\"@type\":\"ReadAction\",\"target\":[\"https:\\\/\\\/blockhaus-ahlhorn.de\\\/fr\\\/berichte\\\/rencontre-internationale-au-blockhaus-ahlhorn-de-lesquisse-dun-projet-a-la-realisation-concrete-dun-projet-europeen-au-blockhaus-ahlhorn\\\/\"]}]},{\"@type\":\"BreadcrumbList\",\"@id\":\"https:\\\/\\\/blockhaus-ahlhorn.de\\\/fr\\\/berichte\\\/rencontre-internationale-au-blockhaus-ahlhorn-de-lesquisse-dun-projet-a-la-realisation-concrete-dun-projet-europeen-au-blockhaus-ahlhorn\\\/#breadcrumb\",\"itemListElement\":[{\"@type\":\"ListItem\",\"position\":1,\"name\":\"Startseite\",\"item\":\"https:\\\/\\\/blockhaus-ahlhorn.de\\\/fr\\\/\"},{\"@type\":\"ListItem\",\"position\":2,\"name\":\"Berichte\",\"item\":\"https:\\\/\\\/blockhaus-ahlhorn.de\\\/fr\\\/berichte\\\/\"},{\"@type\":\"ListItem\",\"position\":3,\"name\":\"Rencontre internationale au Blockhaus Ahlhorn : de l&rsquo;esquisse d&rsquo;un projet \u00e0 la r\u00e9alisation concr\u00e8te d&rsquo;un projet europ\u00e9en au Blockhaus Ahlhorn.\"}]},{\"@type\":\"WebSite\",\"@id\":\"https:\\\/\\\/blockhaus-ahlhorn.de\\\/fr\\\/#website\",\"url\":\"https:\\\/\\\/blockhaus-ahlhorn.de\\\/fr\\\/\",\"name\":\"Blockhaus Ahlhorn\",\"description\":\"Heimatverbunden in Ahlhorn, Niedersachsen\",\"publisher\":{\"@id\":\"https:\\\/\\\/blockhaus-ahlhorn.de\\\/fr\\\/#organization\"},\"potentialAction\":[{\"@type\":\"SearchAction\",\"target\":{\"@type\":\"EntryPoint\",\"urlTemplate\":\"https:\\\/\\\/blockhaus-ahlhorn.de\\\/fr\\\/?s={search_term_string}\"},\"query-input\":{\"@type\":\"PropertyValueSpecification\",\"valueRequired\":true,\"valueName\":\"search_term_string\"}}],\"inLanguage\":\"fr-FR\"},{\"@type\":\"Organization\",\"@id\":\"https:\\\/\\\/blockhaus-ahlhorn.de\\\/fr\\\/#organization\",\"name\":\"Blockhaus Ahlhorn\",\"url\":\"https:\\\/\\\/blockhaus-ahlhorn.de\\\/fr\\\/\",\"logo\":{\"@type\":\"ImageObject\",\"inLanguage\":\"fr-FR\",\"@id\":\"https:\\\/\\\/blockhaus-ahlhorn.de\\\/fr\\\/#\\\/schema\\\/logo\\\/image\\\/\",\"url\":\"https:\\\/\\\/blockhaus-ahlhorn.de\\\/wp-content\\\/uploads\\\/2022\\\/11\\\/Logo-Blockhaus-Alhorn.png\",\"contentUrl\":\"https:\\\/\\\/blockhaus-ahlhorn.de\\\/wp-content\\\/uploads\\\/2022\\\/11\\\/Logo-Blockhaus-Alhorn.png\",\"width\":1200,\"height\":350,\"caption\":\"Blockhaus Ahlhorn\"},\"image\":{\"@id\":\"https:\\\/\\\/blockhaus-ahlhorn.de\\\/fr\\\/#\\\/schema\\\/logo\\\/image\\\/\"}}]}<\/script>\n<!-- \/ Yoast SEO plugin. -->","yoast_head_json":{"title":"Rencontre internationale au Blockhaus Ahlhorn : de l'esquisse d'un projet \u00e0 la r\u00e9alisation concr\u00e8te d'un projet europ\u00e9en au Blockhaus Ahlhorn. - Blockhaus Ahlhorn","robots":{"index":"index","follow":"follow","max-snippet":"max-snippet:-1","max-image-preview":"max-image-preview:large","max-video-preview":"max-video-preview:-1"},"canonical":"https:\/\/blockhaus-ahlhorn.de\/fr\/berichte\/rencontre-internationale-au-blockhaus-ahlhorn-de-lesquisse-dun-projet-a-la-realisation-concrete-dun-projet-europeen-au-blockhaus-ahlhorn\/","og_locale":"fr_FR","og_type":"article","og_title":"Rencontre internationale au Blockhaus Ahlhorn : de l'esquisse d'un projet \u00e0 la r\u00e9alisation concr\u00e8te d'un projet europ\u00e9en au Blockhaus Ahlhorn. - Blockhaus Ahlhorn","og_description":"P\u00e9riode Mercredi, 29.01.2025 &#8211; Mercredi, 05.02.2025 Description Des collaborateurs ind\u00e9pendants et des jeunes d\u00e9veloppent en \u00e9quipes de diff\u00e9rents pays europ\u00e9ens des projets qui seront r\u00e9alis\u00e9s au Blockhaus Ahlhorn en 2025 et 2026. De l&rsquo;esquisse d&rsquo;un projet \u00e0 sa mise en \u0153uvre concr\u00e8te, les diff\u00e9rentes \u00e9tapes sont abord\u00e9es dans ce s\u00e9minaire. Des participants d&rsquo;Allemagne, d&rsquo;Ukraine et [&hellip;]","og_url":"https:\/\/blockhaus-ahlhorn.de\/fr\/berichte\/rencontre-internationale-au-blockhaus-ahlhorn-de-lesquisse-dun-projet-a-la-realisation-concrete-dun-projet-europeen-au-blockhaus-ahlhorn\/","og_site_name":"Blockhaus Ahlhorn","article_modified_time":"2025-04-24T08:22:45+00:00","twitter_card":"summary_large_image","schema":{"@context":"https:\/\/schema.org","@graph":[{"@type":"WebPage","@id":"https:\/\/blockhaus-ahlhorn.de\/fr\/berichte\/rencontre-internationale-au-blockhaus-ahlhorn-de-lesquisse-dun-projet-a-la-realisation-concrete-dun-projet-europeen-au-blockhaus-ahlhorn\/","url":"https:\/\/blockhaus-ahlhorn.de\/fr\/berichte\/rencontre-internationale-au-blockhaus-ahlhorn-de-lesquisse-dun-projet-a-la-realisation-concrete-dun-projet-europeen-au-blockhaus-ahlhorn\/","name":"Rencontre internationale au Blockhaus Ahlhorn : de l'esquisse d'un projet \u00e0 la r\u00e9alisation concr\u00e8te d'un projet europ\u00e9en au Blockhaus Ahlhorn. - Blockhaus Ahlhorn","isPartOf":{"@id":"https:\/\/blockhaus-ahlhorn.de\/fr\/#website"},"datePublished":"2025-01-23T13:50:37+00:00","dateModified":"2025-04-24T08:22:45+00:00","breadcrumb":{"@id":"https:\/\/blockhaus-ahlhorn.de\/fr\/berichte\/rencontre-internationale-au-blockhaus-ahlhorn-de-lesquisse-dun-projet-a-la-realisation-concrete-dun-projet-europeen-au-blockhaus-ahlhorn\/#breadcrumb"},"inLanguage":"fr-FR","potentialAction":[{"@type":"ReadAction","target":["https:\/\/blockhaus-ahlhorn.de\/fr\/berichte\/rencontre-internationale-au-blockhaus-ahlhorn-de-lesquisse-dun-projet-a-la-realisation-concrete-dun-projet-europeen-au-blockhaus-ahlhorn\/"]}]},{"@type":"BreadcrumbList","@id":"https:\/\/blockhaus-ahlhorn.de\/fr\/berichte\/rencontre-internationale-au-blockhaus-ahlhorn-de-lesquisse-dun-projet-a-la-realisation-concrete-dun-projet-europeen-au-blockhaus-ahlhorn\/#breadcrumb","itemListElement":[{"@type":"ListItem","position":1,"name":"Startseite","item":"https:\/\/blockhaus-ahlhorn.de\/fr\/"},{"@type":"ListItem","position":2,"name":"Berichte","item":"https:\/\/blockhaus-ahlhorn.de\/fr\/berichte\/"},{"@type":"ListItem","position":3,"name":"Rencontre internationale au Blockhaus Ahlhorn : de l&rsquo;esquisse d&rsquo;un projet \u00e0 la r\u00e9alisation concr\u00e8te d&rsquo;un projet europ\u00e9en au Blockhaus Ahlhorn."}]},{"@type":"WebSite","@id":"https:\/\/blockhaus-ahlhorn.de\/fr\/#website","url":"https:\/\/blockhaus-ahlhorn.de\/fr\/","name":"Blockhaus Ahlhorn","description":"Heimatverbunden in Ahlhorn, Niedersachsen","publisher":{"@id":"https:\/\/blockhaus-ahlhorn.de\/fr\/#organization"},"potentialAction":[{"@type":"SearchAction","target":{"@type":"EntryPoint","urlTemplate":"https:\/\/blockhaus-ahlhorn.de\/fr\/?s={search_term_string}"},"query-input":{"@type":"PropertyValueSpecification","valueRequired":true,"valueName":"search_term_string"}}],"inLanguage":"fr-FR"},{"@type":"Organization","@id":"https:\/\/blockhaus-ahlhorn.de\/fr\/#organization","name":"Blockhaus Ahlhorn","url":"https:\/\/blockhaus-ahlhorn.de\/fr\/","logo":{"@type":"ImageObject","inLanguage":"fr-FR","@id":"https:\/\/blockhaus-ahlhorn.de\/fr\/#\/schema\/logo\/image\/","url":"https:\/\/blockhaus-ahlhorn.de\/wp-content\/uploads\/2022\/11\/Logo-Blockhaus-Alhorn.png","contentUrl":"https:\/\/blockhaus-ahlhorn.de\/wp-content\/uploads\/2022\/11\/Logo-Blockhaus-Alhorn.png","width":1200,"height":350,"caption":"Blockhaus Ahlhorn"},"image":{"@id":"https:\/\/blockhaus-ahlhorn.de\/fr\/#\/schema\/logo\/image\/"}}]}},"meta_box":{"projekt_startdatum":"","projekt_enddatum":""},"_links":{"self":[{"href":"https:\/\/blockhaus-ahlhorn.de\/fr\/wp-json\/wp\/v2\/berichte\/6247","targetHints":{"allow":["GET"]}}],"collection":[{"href":"https:\/\/blockhaus-ahlhorn.de\/fr\/wp-json\/wp\/v2\/berichte"}],"about":[{"href":"https:\/\/blockhaus-ahlhorn.de\/fr\/wp-json\/wp\/v2\/types\/berichte"}],"wp:attachment":[{"href":"https:\/\/blockhaus-ahlhorn.de\/fr\/wp-json\/wp\/v2\/media?parent=6247"}],"wp:term":[{"taxonomy":"category","embeddable":true,"href":"https:\/\/blockhaus-ahlhorn.de\/fr\/wp-json\/wp\/v2\/categories?post=6247"}],"curies":[{"name":"wp","href":"https:\/\/api.w.org\/{rel}","templated":true}]}}