{"id":6245,"date":"2025-01-23T14:50:37","date_gmt":"2025-01-23T13:50:37","guid":{"rendered":"https:\/\/blockhaus-ahlhorn.de\/berichte\/encuentros-internacionales-en-la-cabana-de-madera-de-ahlhorn-del-esbozo-de-proyecto-a-la-realizacion-concreta-de-un-proyecto-europeo-en-la-cabana-de-madera-de-ahlhorn\/"},"modified":"2025-04-24T10:22:45","modified_gmt":"2025-04-24T08:22:45","slug":"encuentros-internacionales-en-la-cabana-de-madera-de-ahlhorn-del-esbozo-de-proyecto-a-la-realizacion-concreta-de-un-proyecto-europeo-en-la-cabana-de-madera-de-ahlhorn","status":"publish","type":"berichte","link":"https:\/\/blockhaus-ahlhorn.de\/es\/berichte\/encuentros-internacionales-en-la-cabana-de-madera-de-ahlhorn-del-esbozo-de-proyecto-a-la-realizacion-concreta-de-un-proyecto-europeo-en-la-cabana-de-madera-de-ahlhorn\/","title":{"rendered":"Encuentros internacionales en la caba\u00f1a de madera de Ahlhorn: del esbozo de proyecto a la realizaci\u00f3n concreta de un proyecto europeo en la caba\u00f1a de madera de Ahlhorn."},"content":{"rendered":"\n<h2 class=\"wp-block-heading\">Periodo<\/h2>\n\n<p>Mi\u00e9rcoles, 29.01.2025 &#8211; Mi\u00e9rcoles, 05.02.2025<\/p>\n\n<h2 class=\"wp-block-heading\">Descripci\u00f3n de la<\/h2>\n\n<p>Aut\u00f3nomos y j\u00f3venes trabajar\u00e1n en equipos de varios pa\u00edses europeos para desarrollar proyectos que se realizar\u00e1n en el Blockhaus Ahlhorn en 2025 y 2026.  <\/p>\n\n<p>Desde el esbozo de un proyecto hasta su realizaci\u00f3n, en este seminario se trabajan los distintos pasos.  <\/p>\n\n<p>Se ha invitado al seminario a participantes de Alemania, Ucrania y Polonia que ya han participado en proyectos en el Blockhaus Ahlhorn.<\/p>\n\n<p>La intenci\u00f3n es conceptualizar estos proyectos como proyectos de intercambio.<\/p>\n\n<h2 class=\"wp-block-heading\">Inscripci\u00f3n<\/h2>\n\n<p><a href=\"mailto:info@blockhaus-ahlhorn.de\">info@blockhaus-ahlhorn.de<\/a><\/p>\n\n<p><a href=\"https:\/\/blockhaus-ahlhorn.de\/wp-content\/uploads\/2025\/01\/2025-01-24-Anmeldung-klassisch-EP_04_25.pdf\">Descargar la declaraci\u00f3n de consentimiento del tutor legal<\/a><\/p>\n\n<p><\/p>\n","protected":false},"excerpt":{"rendered":"<p>Periodo Mi\u00e9rcoles, 29.01.2025 &#8211; Mi\u00e9rcoles, 05.02.2025 Descripci\u00f3n de la Aut\u00f3nomos y j\u00f3venes trabajar\u00e1n en equipos de varios pa\u00edses europeos para desarrollar proyectos que se realizar\u00e1n en el Blockhaus Ahlhorn en 2025 y 2026. Desde el esbozo de un proyecto hasta su realizaci\u00f3n, en este seminario se trabajan los distintos pasos. Se ha invitado al seminario [&hellip;]<\/p>\n","protected":false},"featured_media":0,"template":"","meta":{"ngg_post_thumbnail":0},"categories":[],"class_list":["post-6245","berichte","type-berichte","status-publish","hentry"],"blocksy_meta":[],"yoast_head":"<!-- This site is optimized with the Yoast SEO plugin v27.4 - https:\/\/yoast.com\/product\/yoast-seo-wordpress\/ -->\n<title>Encuentros internacionales en la caba\u00f1a de madera de Ahlhorn: del esbozo de proyecto a la realizaci\u00f3n concreta de un proyecto europeo en la caba\u00f1a de madera de Ahlhorn. - Blockhaus Ahlhorn<\/title>\n<meta name=\"robots\" content=\"index, follow, max-snippet:-1, max-image-preview:large, max-video-preview:-1\" \/>\n<link rel=\"canonical\" href=\"https:\/\/blockhaus-ahlhorn.de\/es\/berichte\/encuentros-internacionales-en-la-cabana-de-madera-de-ahlhorn-del-esbozo-de-proyecto-a-la-realizacion-concreta-de-un-proyecto-europeo-en-la-cabana-de-madera-de-ahlhorn\/\" \/>\n<meta property=\"og:locale\" content=\"es_ES\" \/>\n<meta property=\"og:type\" content=\"article\" \/>\n<meta property=\"og:title\" content=\"Encuentros internacionales en la caba\u00f1a de madera de Ahlhorn: del esbozo de proyecto a la realizaci\u00f3n concreta de un proyecto europeo en la caba\u00f1a de madera de Ahlhorn. - Blockhaus Ahlhorn\" \/>\n<meta property=\"og:description\" content=\"Periodo Mi\u00e9rcoles, 29.01.2025 &#8211; Mi\u00e9rcoles, 05.02.2025 Descripci\u00f3n de la Aut\u00f3nomos y j\u00f3venes trabajar\u00e1n en equipos de varios pa\u00edses europeos para desarrollar proyectos que se realizar\u00e1n en el Blockhaus Ahlhorn en 2025 y 2026. Desde el esbozo de un proyecto hasta su realizaci\u00f3n, en este seminario se trabajan los distintos pasos. Se ha invitado al seminario [&hellip;]\" \/>\n<meta property=\"og:url\" content=\"https:\/\/blockhaus-ahlhorn.de\/es\/berichte\/encuentros-internacionales-en-la-cabana-de-madera-de-ahlhorn-del-esbozo-de-proyecto-a-la-realizacion-concreta-de-un-proyecto-europeo-en-la-cabana-de-madera-de-ahlhorn\/\" \/>\n<meta property=\"og:site_name\" content=\"Blockhaus Ahlhorn\" \/>\n<meta property=\"article:modified_time\" content=\"2025-04-24T08:22:45+00:00\" \/>\n<meta name=\"twitter:card\" content=\"summary_large_image\" \/>\n<meta name=\"twitter:label1\" content=\"Tiempo de lectura\" \/>\n\t<meta name=\"twitter:data1\" content=\"1 minuto\" \/>\n<script type=\"application\/ld+json\" class=\"yoast-schema-graph\">{\"@context\":\"https:\\\/\\\/schema.org\",\"@graph\":[{\"@type\":\"WebPage\",\"@id\":\"https:\\\/\\\/blockhaus-ahlhorn.de\\\/es\\\/berichte\\\/encuentros-internacionales-en-la-cabana-de-madera-de-ahlhorn-del-esbozo-de-proyecto-a-la-realizacion-concreta-de-un-proyecto-europeo-en-la-cabana-de-madera-de-ahlhorn\\\/\",\"url\":\"https:\\\/\\\/blockhaus-ahlhorn.de\\\/es\\\/berichte\\\/encuentros-internacionales-en-la-cabana-de-madera-de-ahlhorn-del-esbozo-de-proyecto-a-la-realizacion-concreta-de-un-proyecto-europeo-en-la-cabana-de-madera-de-ahlhorn\\\/\",\"name\":\"Encuentros internacionales en la caba\u00f1a de madera de Ahlhorn: del esbozo de proyecto a la realizaci\u00f3n concreta de un proyecto europeo en la caba\u00f1a de madera de Ahlhorn. - Blockhaus Ahlhorn\",\"isPartOf\":{\"@id\":\"https:\\\/\\\/blockhaus-ahlhorn.de\\\/es\\\/#website\"},\"datePublished\":\"2025-01-23T13:50:37+00:00\",\"dateModified\":\"2025-04-24T08:22:45+00:00\",\"breadcrumb\":{\"@id\":\"https:\\\/\\\/blockhaus-ahlhorn.de\\\/es\\\/berichte\\\/encuentros-internacionales-en-la-cabana-de-madera-de-ahlhorn-del-esbozo-de-proyecto-a-la-realizacion-concreta-de-un-proyecto-europeo-en-la-cabana-de-madera-de-ahlhorn\\\/#breadcrumb\"},\"inLanguage\":\"es\",\"potentialAction\":[{\"@type\":\"ReadAction\",\"target\":[\"https:\\\/\\\/blockhaus-ahlhorn.de\\\/es\\\/berichte\\\/encuentros-internacionales-en-la-cabana-de-madera-de-ahlhorn-del-esbozo-de-proyecto-a-la-realizacion-concreta-de-un-proyecto-europeo-en-la-cabana-de-madera-de-ahlhorn\\\/\"]}]},{\"@type\":\"BreadcrumbList\",\"@id\":\"https:\\\/\\\/blockhaus-ahlhorn.de\\\/es\\\/berichte\\\/encuentros-internacionales-en-la-cabana-de-madera-de-ahlhorn-del-esbozo-de-proyecto-a-la-realizacion-concreta-de-un-proyecto-europeo-en-la-cabana-de-madera-de-ahlhorn\\\/#breadcrumb\",\"itemListElement\":[{\"@type\":\"ListItem\",\"position\":1,\"name\":\"Startseite\",\"item\":\"https:\\\/\\\/blockhaus-ahlhorn.de\\\/es\\\/\"},{\"@type\":\"ListItem\",\"position\":2,\"name\":\"Berichte\",\"item\":\"https:\\\/\\\/blockhaus-ahlhorn.de\\\/es\\\/berichte\\\/\"},{\"@type\":\"ListItem\",\"position\":3,\"name\":\"Encuentros internacionales en la caba\u00f1a de madera de Ahlhorn: del esbozo de proyecto a la realizaci\u00f3n concreta de un proyecto europeo en la caba\u00f1a de madera de Ahlhorn.\"}]},{\"@type\":\"WebSite\",\"@id\":\"https:\\\/\\\/blockhaus-ahlhorn.de\\\/es\\\/#website\",\"url\":\"https:\\\/\\\/blockhaus-ahlhorn.de\\\/es\\\/\",\"name\":\"Blockhaus Ahlhorn\",\"description\":\"Heimatverbunden in Ahlhorn, Niedersachsen\",\"publisher\":{\"@id\":\"https:\\\/\\\/blockhaus-ahlhorn.de\\\/es\\\/#organization\"},\"potentialAction\":[{\"@type\":\"SearchAction\",\"target\":{\"@type\":\"EntryPoint\",\"urlTemplate\":\"https:\\\/\\\/blockhaus-ahlhorn.de\\\/es\\\/?s={search_term_string}\"},\"query-input\":{\"@type\":\"PropertyValueSpecification\",\"valueRequired\":true,\"valueName\":\"search_term_string\"}}],\"inLanguage\":\"es\"},{\"@type\":\"Organization\",\"@id\":\"https:\\\/\\\/blockhaus-ahlhorn.de\\\/es\\\/#organization\",\"name\":\"Blockhaus Ahlhorn\",\"url\":\"https:\\\/\\\/blockhaus-ahlhorn.de\\\/es\\\/\",\"logo\":{\"@type\":\"ImageObject\",\"inLanguage\":\"es\",\"@id\":\"https:\\\/\\\/blockhaus-ahlhorn.de\\\/es\\\/#\\\/schema\\\/logo\\\/image\\\/\",\"url\":\"https:\\\/\\\/blockhaus-ahlhorn.de\\\/wp-content\\\/uploads\\\/2022\\\/11\\\/Logo-Blockhaus-Alhorn.png\",\"contentUrl\":\"https:\\\/\\\/blockhaus-ahlhorn.de\\\/wp-content\\\/uploads\\\/2022\\\/11\\\/Logo-Blockhaus-Alhorn.png\",\"width\":1200,\"height\":350,\"caption\":\"Blockhaus Ahlhorn\"},\"image\":{\"@id\":\"https:\\\/\\\/blockhaus-ahlhorn.de\\\/es\\\/#\\\/schema\\\/logo\\\/image\\\/\"}}]}<\/script>\n<!-- \/ Yoast SEO plugin. -->","yoast_head_json":{"title":"Encuentros internacionales en la caba\u00f1a de madera de Ahlhorn: del esbozo de proyecto a la realizaci\u00f3n concreta de un proyecto europeo en la caba\u00f1a de madera de Ahlhorn. - Blockhaus Ahlhorn","robots":{"index":"index","follow":"follow","max-snippet":"max-snippet:-1","max-image-preview":"max-image-preview:large","max-video-preview":"max-video-preview:-1"},"canonical":"https:\/\/blockhaus-ahlhorn.de\/es\/berichte\/encuentros-internacionales-en-la-cabana-de-madera-de-ahlhorn-del-esbozo-de-proyecto-a-la-realizacion-concreta-de-un-proyecto-europeo-en-la-cabana-de-madera-de-ahlhorn\/","og_locale":"es_ES","og_type":"article","og_title":"Encuentros internacionales en la caba\u00f1a de madera de Ahlhorn: del esbozo de proyecto a la realizaci\u00f3n concreta de un proyecto europeo en la caba\u00f1a de madera de Ahlhorn. - Blockhaus Ahlhorn","og_description":"Periodo Mi\u00e9rcoles, 29.01.2025 &#8211; Mi\u00e9rcoles, 05.02.2025 Descripci\u00f3n de la Aut\u00f3nomos y j\u00f3venes trabajar\u00e1n en equipos de varios pa\u00edses europeos para desarrollar proyectos que se realizar\u00e1n en el Blockhaus Ahlhorn en 2025 y 2026. Desde el esbozo de un proyecto hasta su realizaci\u00f3n, en este seminario se trabajan los distintos pasos. Se ha invitado al seminario [&hellip;]","og_url":"https:\/\/blockhaus-ahlhorn.de\/es\/berichte\/encuentros-internacionales-en-la-cabana-de-madera-de-ahlhorn-del-esbozo-de-proyecto-a-la-realizacion-concreta-de-un-proyecto-europeo-en-la-cabana-de-madera-de-ahlhorn\/","og_site_name":"Blockhaus Ahlhorn","article_modified_time":"2025-04-24T08:22:45+00:00","twitter_card":"summary_large_image","twitter_misc":{"Tiempo de lectura":"1 minuto"},"schema":{"@context":"https:\/\/schema.org","@graph":[{"@type":"WebPage","@id":"https:\/\/blockhaus-ahlhorn.de\/es\/berichte\/encuentros-internacionales-en-la-cabana-de-madera-de-ahlhorn-del-esbozo-de-proyecto-a-la-realizacion-concreta-de-un-proyecto-europeo-en-la-cabana-de-madera-de-ahlhorn\/","url":"https:\/\/blockhaus-ahlhorn.de\/es\/berichte\/encuentros-internacionales-en-la-cabana-de-madera-de-ahlhorn-del-esbozo-de-proyecto-a-la-realizacion-concreta-de-un-proyecto-europeo-en-la-cabana-de-madera-de-ahlhorn\/","name":"Encuentros internacionales en la caba\u00f1a de madera de Ahlhorn: del esbozo de proyecto a la realizaci\u00f3n concreta de un proyecto europeo en la caba\u00f1a de madera de Ahlhorn. - Blockhaus Ahlhorn","isPartOf":{"@id":"https:\/\/blockhaus-ahlhorn.de\/es\/#website"},"datePublished":"2025-01-23T13:50:37+00:00","dateModified":"2025-04-24T08:22:45+00:00","breadcrumb":{"@id":"https:\/\/blockhaus-ahlhorn.de\/es\/berichte\/encuentros-internacionales-en-la-cabana-de-madera-de-ahlhorn-del-esbozo-de-proyecto-a-la-realizacion-concreta-de-un-proyecto-europeo-en-la-cabana-de-madera-de-ahlhorn\/#breadcrumb"},"inLanguage":"es","potentialAction":[{"@type":"ReadAction","target":["https:\/\/blockhaus-ahlhorn.de\/es\/berichte\/encuentros-internacionales-en-la-cabana-de-madera-de-ahlhorn-del-esbozo-de-proyecto-a-la-realizacion-concreta-de-un-proyecto-europeo-en-la-cabana-de-madera-de-ahlhorn\/"]}]},{"@type":"BreadcrumbList","@id":"https:\/\/blockhaus-ahlhorn.de\/es\/berichte\/encuentros-internacionales-en-la-cabana-de-madera-de-ahlhorn-del-esbozo-de-proyecto-a-la-realizacion-concreta-de-un-proyecto-europeo-en-la-cabana-de-madera-de-ahlhorn\/#breadcrumb","itemListElement":[{"@type":"ListItem","position":1,"name":"Startseite","item":"https:\/\/blockhaus-ahlhorn.de\/es\/"},{"@type":"ListItem","position":2,"name":"Berichte","item":"https:\/\/blockhaus-ahlhorn.de\/es\/berichte\/"},{"@type":"ListItem","position":3,"name":"Encuentros internacionales en la caba\u00f1a de madera de Ahlhorn: del esbozo de proyecto a la realizaci\u00f3n concreta de un proyecto europeo en la caba\u00f1a de madera de Ahlhorn."}]},{"@type":"WebSite","@id":"https:\/\/blockhaus-ahlhorn.de\/es\/#website","url":"https:\/\/blockhaus-ahlhorn.de\/es\/","name":"Blockhaus Ahlhorn","description":"Heimatverbunden in Ahlhorn, Niedersachsen","publisher":{"@id":"https:\/\/blockhaus-ahlhorn.de\/es\/#organization"},"potentialAction":[{"@type":"SearchAction","target":{"@type":"EntryPoint","urlTemplate":"https:\/\/blockhaus-ahlhorn.de\/es\/?s={search_term_string}"},"query-input":{"@type":"PropertyValueSpecification","valueRequired":true,"valueName":"search_term_string"}}],"inLanguage":"es"},{"@type":"Organization","@id":"https:\/\/blockhaus-ahlhorn.de\/es\/#organization","name":"Blockhaus Ahlhorn","url":"https:\/\/blockhaus-ahlhorn.de\/es\/","logo":{"@type":"ImageObject","inLanguage":"es","@id":"https:\/\/blockhaus-ahlhorn.de\/es\/#\/schema\/logo\/image\/","url":"https:\/\/blockhaus-ahlhorn.de\/wp-content\/uploads\/2022\/11\/Logo-Blockhaus-Alhorn.png","contentUrl":"https:\/\/blockhaus-ahlhorn.de\/wp-content\/uploads\/2022\/11\/Logo-Blockhaus-Alhorn.png","width":1200,"height":350,"caption":"Blockhaus Ahlhorn"},"image":{"@id":"https:\/\/blockhaus-ahlhorn.de\/es\/#\/schema\/logo\/image\/"}}]}},"meta_box":{"projekt_startdatum":"","projekt_enddatum":""},"_links":{"self":[{"href":"https:\/\/blockhaus-ahlhorn.de\/es\/wp-json\/wp\/v2\/berichte\/6245","targetHints":{"allow":["GET"]}}],"collection":[{"href":"https:\/\/blockhaus-ahlhorn.de\/es\/wp-json\/wp\/v2\/berichte"}],"about":[{"href":"https:\/\/blockhaus-ahlhorn.de\/es\/wp-json\/wp\/v2\/types\/berichte"}],"wp:attachment":[{"href":"https:\/\/blockhaus-ahlhorn.de\/es\/wp-json\/wp\/v2\/media?parent=6245"}],"wp:term":[{"taxonomy":"category","embeddable":true,"href":"https:\/\/blockhaus-ahlhorn.de\/es\/wp-json\/wp\/v2\/categories?post=6245"}],"curies":[{"name":"wp","href":"https:\/\/api.w.org\/{rel}","templated":true}]}}